{"id":5464,"date":"2022-09-02T15:02:11","date_gmt":"2022-09-02T13:02:11","guid":{"rendered":"https:\/\/www.laregalido.com\/?page_id=5464"},"modified":"2023-05-05T09:44:13","modified_gmt":"2023-05-05T07:44:13","slug":"ville-darles-4","status":"publish","type":"page","link":"https:\/\/www.laregalido.com\/en\/loisir-decouverte\/carrieres-de-lumiere\/","title":{"rendered":"Careers of light"},"content":{"rendered":"<div data-elementor-type=\"wp-page\" data-elementor-id=\"5464\" class=\"elementor elementor-5464\" data-elementor-post-type=\"page\">\n\t\t\t\t\t\t<section class=\"elementor-section elementor-top-section elementor-element elementor-element-9611772 elementor-section-height-min-height elementor-section-full_width elementor-section-content-top elementor-section-height-default elementor-section-items-middle\" data-id=\"9611772\" data-element_type=\"section\" data-e-type=\"section\" data-settings=\"{&quot;background_background&quot;:&quot;classic&quot;,&quot;_ob_glider_is_slider&quot;:&quot;no&quot;}\">\n\t\t\t\t\t\t\t<div class=\"elementor-background-overlay\"><\/div>\n\t\t\t\t\t\t\t<div class=\"elementor-container elementor-column-gap-default\">\n\t\t\t\t\t<div class=\"elementor-column elementor-col-100 elementor-top-column elementor-element elementor-element-9b391e3\" data-id=\"9b391e3\" data-element_type=\"column\" data-e-type=\"column\" data-settings=\"{&quot;_ob_column_hoveranimator&quot;:&quot;no&quot;,&quot;_ob_column_has_pseudo&quot;:&quot;no&quot;}\">\n\t\t\t<div class=\"elementor-widget-wrap elementor-element-populated\">\n\t\t\t\t\t\t<div class=\"elementor-element elementor-element-c954c18 elementor-widget-divider--view-line ob-has-background-overlay elementor-widget elementor-widget-divider\" data-id=\"c954c18\" data-element_type=\"widget\" data-e-type=\"widget\" data-settings=\"{&quot;_ob_widget_stalker_use&quot;:&quot;no&quot;,&quot;_ob_poopart_use&quot;:&quot;yes&quot;,&quot;_ob_shadough_use&quot;:&quot;no&quot;,&quot;_ob_allow_hoveranimator&quot;:&quot;no&quot;}\" data-widget_type=\"divider.default\">\n\t\t\t\t<div class=\"elementor-widget-container\">\n\t\t\t\t\t\t\t<div class=\"elementor-divider\">\n\t\t\t<span class=\"elementor-divider-separator\">\n\t\t\t\t\t\t<\/span>\n\t\t<\/div>\n\t\t\t\t\t\t<\/div>\n\t\t\t\t<\/div>\n\t\t\t\t<div class=\"elementor-element elementor-element-ac0da7f ob-harakiri-inherit ob-has-background-overlay elementor-widget elementor-widget-heading\" data-id=\"ac0da7f\" data-element_type=\"widget\" data-e-type=\"widget\" data-settings=\"{&quot;_ob_use_harakiri&quot;:&quot;yes&quot;,&quot;_ob_harakiri_writing_mode&quot;:&quot;inherit&quot;,&quot;_ob_harakiri_text_clip&quot;:&quot;none&quot;,&quot;_ob_widget_stalker_use&quot;:&quot;no&quot;,&quot;_ob_poopart_use&quot;:&quot;yes&quot;,&quot;_ob_shadough_use&quot;:&quot;no&quot;,&quot;_ob_allow_hoveranimator&quot;:&quot;no&quot;}\" data-widget_type=\"heading.default\">\n\t\t\t\t<div class=\"elementor-widget-container\">\n\t\t\t\t\t<h1 class=\"elementor-heading-title elementor-size-default\">Careers of light<\/h1>\t\t\t\t<\/div>\n\t\t\t\t<\/div>\n\t\t\t\t\t<\/div>\n\t\t<\/div>\n\t\t\t\t\t<\/div>\n\t\t<\/section>\n\t\t\t\t<section class=\"elementor-section elementor-top-section elementor-element elementor-element-66d3bad elementor-section-full_width elementor-section-height-default elementor-section-height-default\" data-id=\"66d3bad\" data-element_type=\"section\" data-e-type=\"section\" data-settings=\"{&quot;background_background&quot;:&quot;classic&quot;,&quot;_ob_glider_is_slider&quot;:&quot;no&quot;}\">\n\t\t\t\t\t\t\t<div class=\"elementor-background-overlay\"><\/div>\n\t\t\t\t\t\t\t<div class=\"elementor-container elementor-column-gap-default\">\n\t\t\t\t\t<div class=\"elementor-column elementor-col-100 elementor-top-column elementor-element elementor-element-12dcfda\" data-id=\"12dcfda\" data-element_type=\"column\" data-e-type=\"column\" data-settings=\"{&quot;_ob_column_hoveranimator&quot;:&quot;no&quot;,&quot;_ob_column_has_pseudo&quot;:&quot;no&quot;}\">\n\t\t\t<div class=\"elementor-widget-wrap elementor-element-populated\">\n\t\t\t\t\t\t<section class=\"elementor-section elementor-inner-section elementor-element elementor-element-4028426 elementor-section-boxed elementor-section-height-default elementor-section-height-default\" data-id=\"4028426\" data-element_type=\"section\" data-e-type=\"section\" data-settings=\"{&quot;_ob_glider_is_slider&quot;:&quot;no&quot;}\">\n\t\t\t\t\t\t<div class=\"elementor-container elementor-column-gap-default\">\n\t\t\t\t\t<div class=\"elementor-column elementor-col-100 elementor-inner-column elementor-element elementor-element-2b800cf\" data-id=\"2b800cf\" data-element_type=\"column\" data-e-type=\"column\" data-settings=\"{&quot;_ob_column_hoveranimator&quot;:&quot;no&quot;,&quot;_ob_column_has_pseudo&quot;:&quot;no&quot;}\">\n\t\t\t<div class=\"elementor-widget-wrap elementor-element-populated\">\n\t\t\t\t\t\t<div class=\"elementor-element elementor-element-2f4fce8 elementor-widget-divider--view-line ob-has-background-overlay elementor-widget elementor-widget-divider\" data-id=\"2f4fce8\" data-element_type=\"widget\" data-e-type=\"widget\" data-settings=\"{&quot;_ob_widget_stalker_use&quot;:&quot;no&quot;,&quot;_ob_poopart_use&quot;:&quot;yes&quot;,&quot;_ob_shadough_use&quot;:&quot;no&quot;,&quot;_ob_allow_hoveranimator&quot;:&quot;no&quot;}\" data-widget_type=\"divider.default\">\n\t\t\t\t<div class=\"elementor-widget-container\">\n\t\t\t\t\t\t\t<div class=\"elementor-divider\">\n\t\t\t<span class=\"elementor-divider-separator\">\n\t\t\t\t\t\t<\/span>\n\t\t<\/div>\n\t\t\t\t\t\t<\/div>\n\t\t\t\t<\/div>\n\t\t\t\t<div class=\"elementor-element elementor-element-ce6c139 ob-harakiri-inherit ob-has-background-overlay elementor-widget elementor-widget-heading\" data-id=\"ce6c139\" data-element_type=\"widget\" data-e-type=\"widget\" data-settings=\"{&quot;_ob_use_harakiri&quot;:&quot;yes&quot;,&quot;_ob_harakiri_writing_mode&quot;:&quot;inherit&quot;,&quot;_ob_harakiri_text_clip&quot;:&quot;none&quot;,&quot;_ob_widget_stalker_use&quot;:&quot;no&quot;,&quot;_ob_poopart_use&quot;:&quot;yes&quot;,&quot;_ob_shadough_use&quot;:&quot;no&quot;,&quot;_ob_allow_hoveranimator&quot;:&quot;no&quot;}\" data-widget_type=\"heading.default\">\n\t\t\t\t<div class=\"elementor-widget-container\">\n\t\t\t\t\t<h1 class=\"elementor-heading-title elementor-size-default\">the light quarry in les baux-de provence :<\/h1>\t\t\t\t<\/div>\n\t\t\t\t<\/div>\n\t\t\t\t<div class=\"elementor-element elementor-element-f844663 ob-harakiri-inherit ob-has-background-overlay elementor-widget elementor-widget-heading\" data-id=\"f844663\" data-element_type=\"widget\" data-e-type=\"widget\" data-settings=\"{&quot;_ob_use_harakiri&quot;:&quot;yes&quot;,&quot;_ob_harakiri_writing_mode&quot;:&quot;inherit&quot;,&quot;_ob_harakiri_text_clip&quot;:&quot;none&quot;,&quot;_ob_widget_stalker_use&quot;:&quot;no&quot;,&quot;_ob_poopart_use&quot;:&quot;yes&quot;,&quot;_ob_shadough_use&quot;:&quot;no&quot;,&quot;_ob_allow_hoveranimator&quot;:&quot;no&quot;}\" data-widget_type=\"heading.default\">\n\t\t\t\t<div class=\"elementor-widget-container\">\n\t\t\t\t\t<h2 class=\"elementor-heading-title elementor-size-default\">Creativity and immersive digital exhibitions<\/h2>\t\t\t\t<\/div>\n\t\t\t\t<\/div>\n\t\t\t\t<div class=\"elementor-element elementor-element-c33753c ob-harakiri-inherit ob-has-background-overlay elementor-widget elementor-widget-text-editor\" data-id=\"c33753c\" data-element_type=\"widget\" data-e-type=\"widget\" data-settings=\"{&quot;_ob_use_harakiri&quot;:&quot;yes&quot;,&quot;_ob_harakiri_writing_mode&quot;:&quot;inherit&quot;,&quot;_ob_postman_use&quot;:&quot;no&quot;,&quot;_ob_widget_stalker_use&quot;:&quot;no&quot;,&quot;_ob_poopart_use&quot;:&quot;yes&quot;,&quot;_ob_shadough_use&quot;:&quot;no&quot;,&quot;_ob_allow_hoveranimator&quot;:&quot;no&quot;}\" data-widget_type=\"text-editor.default\">\n\t\t\t\t<div class=\"elementor-widget-container\">\n\t\t\t\t\t\t\t\t\t<p class=\"MsoNormal\">If you're looking for an immersive art experience, look no further than the Carri\u00e8re des Lumi\u00e8res in Les Baux-de-Provence. This quarry, transformed into a digital art centre, hosts some of the most creative and unique exhibitions. From March to November, don't miss the exhibition \"Gauguin, Van Gogh, the painters of colour\" for a breathtaking experience.<\/p>\t\t\t\t\t\t\t\t<\/div>\n\t\t\t\t<\/div>\n\t\t\t\t\t<\/div>\n\t\t<\/div>\n\t\t\t\t\t<\/div>\n\t\t<\/section>\n\t\t\t\t<section class=\"elementor-section elementor-inner-section elementor-element elementor-element-a132192 elementor-section-content-middle elementor-reverse-mobile ecrantype1 elementor-section-boxed elementor-section-height-default elementor-section-height-default\" data-id=\"a132192\" data-element_type=\"section\" data-e-type=\"section\" data-settings=\"{&quot;_ob_glider_is_slider&quot;:&quot;no&quot;}\">\n\t\t\t\t\t\t<div class=\"elementor-container elementor-column-gap-default\">\n\t\t\t\t\t<div class=\"elementor-column elementor-col-50 elementor-inner-column elementor-element elementor-element-e8550f6 image-top elementor-invisible\" data-id=\"e8550f6\" data-element_type=\"column\" data-e-type=\"column\" data-settings=\"{&quot;animation&quot;:&quot;fadeInLeft&quot;,&quot;animation_mobile&quot;:&quot;none&quot;,&quot;_ob_column_hoveranimator&quot;:&quot;no&quot;,&quot;_ob_column_has_pseudo&quot;:&quot;no&quot;}\">\n\t\t\t<div class=\"elementor-widget-wrap elementor-element-populated\">\n\t\t\t\t\t\t<div class=\"elementor-element elementor-element-c553891 ob-has-background-overlay elementor-widget elementor-widget-image\" data-id=\"c553891\" data-element_type=\"widget\" data-e-type=\"widget\" data-settings=\"{&quot;_ob_photomorph_use&quot;:&quot;no&quot;,&quot;_ob_widget_stalker_use&quot;:&quot;no&quot;,&quot;_ob_poopart_use&quot;:&quot;yes&quot;,&quot;_ob_shadough_use&quot;:&quot;no&quot;,&quot;_ob_allow_hoveranimator&quot;:&quot;no&quot;}\" data-widget_type=\"image.default\">\n\t\t\t\t<div class=\"elementor-widget-container\">\n\t\t\t\t\t\t\t\t\t\t\t\t\t\t\t<img fetchpriority=\"high\" decoding=\"async\" width=\"593\" height=\"563\" src=\"https:\/\/www.laregalido.com\/wp-content\/uploads\/2021\/10\/Sans-titre-1_0001_Carrieres_de_Lumieres_9.jpg\" class=\"attachment-large size-large wp-image-2945\" alt=\"Photo -\" srcset=\"https:\/\/www.laregalido.com\/wp-content\/uploads\/2021\/10\/Sans-titre-1_0001_Carrieres_de_Lumieres_9.jpg 593w, https:\/\/www.laregalido.com\/wp-content\/uploads\/2021\/10\/Sans-titre-1_0001_Carrieres_de_Lumieres_9-300x285.jpg 300w, https:\/\/www.laregalido.com\/wp-content\/uploads\/2021\/10\/Sans-titre-1_0001_Carrieres_de_Lumieres_9-13x12.jpg 13w\" sizes=\"(max-width: 593px) 100vw, 593px\">\t\t\t\t\t\t\t\t\t\t\t\t\t\t\t<\/div>\n\t\t\t\t<\/div>\n\t\t\t\t\t<\/div>\n\t\t<\/div>\n\t\t\t\t<div class=\"elementor-column elementor-col-50 elementor-inner-column elementor-element elementor-element-46d774d elementor-invisible\" data-id=\"46d774d\" data-element_type=\"column\" data-e-type=\"column\" data-settings=\"{&quot;animation&quot;:&quot;fadeInUp&quot;,&quot;animation_mobile&quot;:&quot;none&quot;,&quot;animation_delay&quot;:200,&quot;_ob_column_hoveranimator&quot;:&quot;no&quot;,&quot;_ob_column_has_pseudo&quot;:&quot;no&quot;}\">\n\t\t\t<div class=\"elementor-widget-wrap elementor-element-populated\">\n\t\t\t\t\t\t<div class=\"elementor-element elementor-element-a5c04a4 ob-harakiri-inherit ob-has-background-overlay elementor-widget elementor-widget-text-editor\" data-id=\"a5c04a4\" data-element_type=\"widget\" data-e-type=\"widget\" data-settings=\"{&quot;_ob_use_harakiri&quot;:&quot;yes&quot;,&quot;_ob_harakiri_writing_mode&quot;:&quot;inherit&quot;,&quot;_ob_postman_use&quot;:&quot;no&quot;,&quot;_ob_widget_stalker_use&quot;:&quot;no&quot;,&quot;_ob_poopart_use&quot;:&quot;yes&quot;,&quot;_ob_shadough_use&quot;:&quot;no&quot;,&quot;_ob_allow_hoveranimator&quot;:&quot;no&quot;}\" data-widget_type=\"text-editor.default\">\n\t\t\t\t<div class=\"elementor-widget-container\">\n\t\t\t\t\t\t\t\t\t<p>From light to art: children love it too!<\/p>\t\t\t\t\t\t\t\t<\/div>\n\t\t\t\t<\/div>\n\t\t\t\t<div class=\"elementor-element elementor-element-0aafe89 ob-harakiri-inherit ob-has-background-overlay elementor-widget elementor-widget-text-editor\" data-id=\"0aafe89\" data-element_type=\"widget\" data-e-type=\"widget\" data-settings=\"{&quot;_ob_use_harakiri&quot;:&quot;yes&quot;,&quot;_ob_harakiri_writing_mode&quot;:&quot;inherit&quot;,&quot;_ob_postman_use&quot;:&quot;no&quot;,&quot;_ob_widget_stalker_use&quot;:&quot;no&quot;,&quot;_ob_poopart_use&quot;:&quot;yes&quot;,&quot;_ob_shadough_use&quot;:&quot;no&quot;,&quot;_ob_allow_hoveranimator&quot;:&quot;no&quot;}\" data-widget_type=\"text-editor.default\">\n\t\t\t\t<div class=\"elementor-widget-container\">\n\t\t\t\t\t\t\t\t\t<p>The Carri\u00e8re des Lumi\u00e8res is not only a fascinating light show, it's also a unique shop for all your souvenirs and gifts!<\/p><p>The Carri\u00e8re des Lumi\u00e8res shop offers a wide selection of books, postcards, decorative objects and textiles, all related to the show. You'll also find a range of personalised souvenirs to help you remember your visit long after the lights go out.<\/p><p>And for the little ones, there's a special selection of \"creative hobbies\" to introduce them to the world of art.<\/p><p>The Carri\u00e8re des Lumi\u00e8res shop is open every day during the site's opening hours. So before you leave, don't hesitate to stop in and take a little something home with you!<\/p>\t\t\t\t\t\t\t\t<\/div>\n\t\t\t\t<\/div>\n\t\t\t\t\t<\/div>\n\t\t<\/div>\n\t\t\t\t\t<\/div>\n\t\t<\/section>\n\t\t\t\t<section class=\"elementor-section elementor-inner-section elementor-element elementor-element-824bb19 elementor-section-content-middle elementor-reverse-mobile ecrantype1 elementor-section-boxed elementor-section-height-default elementor-section-height-default\" data-id=\"824bb19\" data-element_type=\"section\" data-e-type=\"section\" data-settings=\"{&quot;_ob_glider_is_slider&quot;:&quot;no&quot;}\">\n\t\t\t\t\t\t<div class=\"elementor-container elementor-column-gap-default\">\n\t\t\t\t\t<div class=\"elementor-column elementor-col-100 elementor-inner-column elementor-element elementor-element-8f2ff5a elementor-invisible\" data-id=\"8f2ff5a\" data-element_type=\"column\" data-e-type=\"column\" data-settings=\"{&quot;animation&quot;:&quot;fadeInUp&quot;,&quot;animation_mobile&quot;:&quot;none&quot;,&quot;animation_delay&quot;:200,&quot;_ob_column_hoveranimator&quot;:&quot;no&quot;,&quot;_ob_column_has_pseudo&quot;:&quot;no&quot;}\">\n\t\t\t<div class=\"elementor-widget-wrap elementor-element-populated\">\n\t\t\t\t\t\t<div class=\"elementor-element elementor-element-970a00c ob-harakiri-inherit ob-has-background-overlay elementor-widget elementor-widget-text-editor\" data-id=\"970a00c\" data-element_type=\"widget\" data-e-type=\"widget\" data-settings=\"{&quot;_ob_use_harakiri&quot;:&quot;yes&quot;,&quot;_ob_harakiri_writing_mode&quot;:&quot;inherit&quot;,&quot;_ob_postman_use&quot;:&quot;no&quot;,&quot;_ob_widget_stalker_use&quot;:&quot;no&quot;,&quot;_ob_poopart_use&quot;:&quot;yes&quot;,&quot;_ob_shadough_use&quot;:&quot;no&quot;,&quot;_ob_allow_hoveranimator&quot;:&quot;no&quot;}\" data-widget_type=\"text-editor.default\">\n\t\t\t\t<div class=\"elementor-widget-container\">\n\t\t\t\t\t\t\t\t\t<p>A perfect place to take a break after exploring the exhibitions<\/p>\t\t\t\t\t\t\t\t<\/div>\n\t\t\t\t<\/div>\n\t\t\t\t<div class=\"elementor-element elementor-element-bab871a ob-harakiri-inherit ob-has-background-overlay elementor-widget elementor-widget-text-editor\" data-id=\"bab871a\" data-element_type=\"widget\" data-e-type=\"widget\" data-settings=\"{&quot;_ob_use_harakiri&quot;:&quot;yes&quot;,&quot;_ob_harakiri_writing_mode&quot;:&quot;inherit&quot;,&quot;_ob_postman_use&quot;:&quot;no&quot;,&quot;_ob_widget_stalker_use&quot;:&quot;no&quot;,&quot;_ob_poopart_use&quot;:&quot;yes&quot;,&quot;_ob_shadough_use&quot;:&quot;no&quot;,&quot;_ob_allow_hoveranimator&quot;:&quot;no&quot;}\" data-widget_type=\"text-editor.default\">\n\t\t\t\t<div class=\"elementor-widget-container\">\n\t\t\t\t\t\t\t\t\t<p>Caf\u00e9 des Carri\u00e8res is a unique caf\u00e9 in the heart of the Carri\u00e8re des Lumi\u00e8res.<\/p><p>La Carri\u00e8re des Lumi\u00e8res is an immersive exhibition centre that explores the history of art through light and sound. The Caf\u00e9 des Carri\u00e8res is the ideal place to take a break after exploring the exhibitions.<\/p><p>The caf\u00e9 offers a variety of sweet and savoury options to sample, as well as a selection of hot and cold drinks. The caf\u00e9 also has a lovely terrace overlooking the Carri\u00e8re des Lumi\u00e8res.<\/p><p>Whether you're looking for a quick bite to eat or a longer break, the Caf\u00e9 des Carri\u00e8res is the ideal place to relax and recharge your batteries.<\/p>\t\t\t\t\t\t\t\t<\/div>\n\t\t\t\t<\/div>\n\t\t\t\t\t<\/div>\n\t\t<\/div>\n\t\t\t\t\t<\/div>\n\t\t<\/section>\n\t\t\t\t\t<\/div>\n\t\t<\/div>\n\t\t\t\t\t<\/div>\n\t\t<\/section>\n\t\t\t\t<section class=\"elementor-section elementor-top-section elementor-element elementor-element-3d64a6d elementor-section-full_width elementor-section-height-default elementor-section-height-default\" data-id=\"3d64a6d\" data-element_type=\"section\" data-e-type=\"section\" data-settings=\"{&quot;background_background&quot;:&quot;classic&quot;,&quot;_ob_glider_is_slider&quot;:&quot;no&quot;}\">\n\t\t\t\t\t\t\t<div class=\"elementor-background-overlay\"><\/div>\n\t\t\t\t\t\t\t<div class=\"elementor-container elementor-column-gap-default\">\n\t\t\t\t\t<div class=\"elementor-column elementor-col-100 elementor-top-column elementor-element elementor-element-d6e89f6\" data-id=\"d6e89f6\" data-element_type=\"column\" data-e-type=\"column\" data-settings=\"{&quot;_ob_column_hoveranimator&quot;:&quot;no&quot;,&quot;_ob_column_has_pseudo&quot;:&quot;no&quot;}\">\n\t\t\t<div class=\"elementor-widget-wrap elementor-element-populated\">\n\t\t\t\t\t\t<section class=\"elementor-section elementor-inner-section elementor-element elementor-element-f2eda3e elementor-section-content-middle elementor-reverse-mobile ecrantype1 elementor-section-boxed elementor-section-height-default elementor-section-height-default\" data-id=\"f2eda3e\" data-element_type=\"section\" data-e-type=\"section\" data-settings=\"{&quot;_ob_glider_is_slider&quot;:&quot;no&quot;}\">\n\t\t\t\t\t\t<div class=\"elementor-container elementor-column-gap-default\">\n\t\t\t\t\t<div class=\"elementor-column elementor-col-50 elementor-inner-column elementor-element elementor-element-c0ee0dd elementor-invisible\" data-id=\"c0ee0dd\" data-element_type=\"column\" data-e-type=\"column\" data-settings=\"{&quot;animation&quot;:&quot;fadeInUp&quot;,&quot;animation_mobile&quot;:&quot;none&quot;,&quot;animation_delay&quot;:200,&quot;_ob_column_hoveranimator&quot;:&quot;no&quot;,&quot;_ob_column_has_pseudo&quot;:&quot;no&quot;}\">\n\t\t\t<div class=\"elementor-widget-wrap elementor-element-populated\">\n\t\t\t\t\t\t<div class=\"elementor-element elementor-element-6214d8a ob-harakiri-inherit ob-has-background-overlay elementor-widget elementor-widget-text-editor\" data-id=\"6214d8a\" data-element_type=\"widget\" data-e-type=\"widget\" data-settings=\"{&quot;_ob_use_harakiri&quot;:&quot;yes&quot;,&quot;_ob_harakiri_writing_mode&quot;:&quot;inherit&quot;,&quot;_ob_postman_use&quot;:&quot;no&quot;,&quot;_ob_widget_stalker_use&quot;:&quot;no&quot;,&quot;_ob_poopart_use&quot;:&quot;yes&quot;,&quot;_ob_shadough_use&quot;:&quot;no&quot;,&quot;_ob_allow_hoveranimator&quot;:&quot;no&quot;}\" data-widget_type=\"text-editor.default\">\n\t\t\t\t<div class=\"elementor-widget-container\">\n\t\t\t\t\t\t\t\t\t<p>Career of Light Gift Set: The ideal gift for art lovers<\/p>\t\t\t\t\t\t\t\t<\/div>\n\t\t\t\t<\/div>\n\t\t\t\t<div class=\"elementor-element elementor-element-531b1cc ob-harakiri-inherit ob-has-background-overlay elementor-widget elementor-widget-text-editor\" data-id=\"531b1cc\" data-element_type=\"widget\" data-e-type=\"widget\" data-settings=\"{&quot;_ob_use_harakiri&quot;:&quot;yes&quot;,&quot;_ob_harakiri_writing_mode&quot;:&quot;inherit&quot;,&quot;_ob_postman_use&quot;:&quot;no&quot;,&quot;_ob_widget_stalker_use&quot;:&quot;no&quot;,&quot;_ob_poopart_use&quot;:&quot;yes&quot;,&quot;_ob_shadough_use&quot;:&quot;no&quot;,&quot;_ob_allow_hoveranimator&quot;:&quot;no&quot;}\" data-widget_type=\"text-editor.default\">\n\t\t\t\t<div class=\"elementor-widget-container\">\n\t\t\t\t\t\t\t\t\t<p>The town has also attracted many artists, including Vincent Van Gogh, who was inspired to paint no fewer than 150 canvases by the light and landscapes of the region. A walking tour from the Saint-Pierre-de-Mausole monastery to the Estrine museum allows you to admire 21 reproductions of his works.<br \/>The Alpilles has also been home to the composer Charles Gounod, the writer Alphonse Daudet and Fr\u00e9d\u00e9ric Mistral, the Proven\u00e7al poet who won the Nobel Prize for Literature in 1904. The poet's former home now houses the Mus\u00e9e Fr\u00e9d\u00e9ric-Mistral, a place for his work, literary meetings and children's workshops, as well as a photo and video library.<\/p><p>The gift pack includes two tickets for the Carri\u00e8re des Lumi\u00e8res exhibitions in 2022, as well as a special edition Carri\u00e8re des Lumi\u00e8res totebag.<\/p>\t\t\t\t\t\t\t\t<\/div>\n\t\t\t\t<\/div>\n\t\t\t\t\t<\/div>\n\t\t<\/div>\n\t\t\t\t<div class=\"elementor-column elementor-col-50 elementor-inner-column elementor-element elementor-element-132299f elementor-invisible\" data-id=\"132299f\" data-element_type=\"column\" data-e-type=\"column\" data-settings=\"{&quot;animation&quot;:&quot;fadeInRight&quot;,&quot;animation_mobile&quot;:&quot;none&quot;,&quot;_ob_column_hoveranimator&quot;:&quot;no&quot;,&quot;_ob_column_has_pseudo&quot;:&quot;no&quot;}\">\n\t\t\t<div class=\"elementor-widget-wrap elementor-element-populated\">\n\t\t\t\t\t\t<div class=\"elementor-element elementor-element-683be65 ob-has-background-overlay elementor-widget elementor-widget-image\" data-id=\"683be65\" data-element_type=\"widget\" data-e-type=\"widget\" data-settings=\"{&quot;_ob_photomorph_use&quot;:&quot;no&quot;,&quot;_ob_widget_stalker_use&quot;:&quot;no&quot;,&quot;_ob_poopart_use&quot;:&quot;yes&quot;,&quot;_ob_shadough_use&quot;:&quot;no&quot;,&quot;_ob_allow_hoveranimator&quot;:&quot;no&quot;}\" data-widget_type=\"image.default\">\n\t\t\t\t<div class=\"elementor-widget-container\">\n\t\t\t\t\t\t\t\t\t\t\t\t\t\t\t<img decoding=\"async\" width=\"800\" height=\"436\" src=\"https:\/\/www.laregalido.com\/wp-content\/uploads\/2022\/08\/cezanne-carrieres-de-lumieres-beaux-de-provence-8-1024x558.webp\" class=\"attachment-large size-large wp-image-5578\" alt=\"Photo -\" srcset=\"https:\/\/www.laregalido.com\/wp-content\/uploads\/2022\/08\/cezanne-carrieres-de-lumieres-beaux-de-provence-8-1024x558.webp 1024w, https:\/\/www.laregalido.com\/wp-content\/uploads\/2022\/08\/cezanne-carrieres-de-lumieres-beaux-de-provence-8-300x163.webp 300w, https:\/\/www.laregalido.com\/wp-content\/uploads\/2022\/08\/cezanne-carrieres-de-lumieres-beaux-de-provence-8-768x418.webp 768w, https:\/\/www.laregalido.com\/wp-content\/uploads\/2022\/08\/cezanne-carrieres-de-lumieres-beaux-de-provence-8-18x10.webp 18w, https:\/\/www.laregalido.com\/wp-content\/uploads\/2022\/08\/cezanne-carrieres-de-lumieres-beaux-de-provence-8.webp 1241w\" sizes=\"(max-width: 800px) 100vw, 800px\">\t\t\t\t\t\t\t\t\t\t\t\t\t\t\t<\/div>\n\t\t\t\t<\/div>\n\t\t\t\t\t<\/div>\n\t\t<\/div>\n\t\t\t\t\t<\/div>\n\t\t<\/section>\n\t\t\t\t<section class=\"elementor-section elementor-inner-section elementor-element elementor-element-e4ae335 elementor-section-content-middle elementor-reverse-mobile ecrantype1 elementor-section-boxed elementor-section-height-default elementor-section-height-default\" data-id=\"e4ae335\" data-element_type=\"section\" data-e-type=\"section\" data-settings=\"{&quot;_ob_glider_is_slider&quot;:&quot;no&quot;}\">\n\t\t\t\t\t\t<div class=\"elementor-container elementor-column-gap-default\">\n\t\t\t\t\t<div class=\"elementor-column elementor-col-100 elementor-inner-column elementor-element elementor-element-0192e19 elementor-invisible\" data-id=\"0192e19\" data-element_type=\"column\" data-e-type=\"column\" data-settings=\"{&quot;animation&quot;:&quot;fadeInUp&quot;,&quot;animation_mobile&quot;:&quot;none&quot;,&quot;animation_delay&quot;:200,&quot;_ob_column_hoveranimator&quot;:&quot;no&quot;,&quot;_ob_column_has_pseudo&quot;:&quot;no&quot;}\">\n\t\t\t<div class=\"elementor-widget-wrap elementor-element-populated\">\n\t\t\t\t\t\t<div class=\"elementor-element elementor-element-7e70fcc ob-harakiri-inherit ob-has-background-overlay elementor-widget elementor-widget-text-editor\" data-id=\"7e70fcc\" data-element_type=\"widget\" data-e-type=\"widget\" data-settings=\"{&quot;_ob_use_harakiri&quot;:&quot;yes&quot;,&quot;_ob_harakiri_writing_mode&quot;:&quot;inherit&quot;,&quot;_ob_postman_use&quot;:&quot;no&quot;,&quot;_ob_widget_stalker_use&quot;:&quot;no&quot;,&quot;_ob_poopart_use&quot;:&quot;yes&quot;,&quot;_ob_shadough_use&quot;:&quot;no&quot;,&quot;_ob_allow_hoveranimator&quot;:&quot;no&quot;}\" data-widget_type=\"text-editor.default\">\n\t\t\t\t<div class=\"elementor-widget-container\">\n\t\t\t\t\t\t\t\t\t<p>Immerse your guests in a world of light and sound<\/p>\t\t\t\t\t\t\t\t<\/div>\n\t\t\t\t<\/div>\n\t\t\t\t<div class=\"elementor-element elementor-element-dedff14 ob-harakiri-inherit ob-has-background-overlay elementor-widget elementor-widget-text-editor\" data-id=\"dedff14\" data-element_type=\"widget\" data-e-type=\"widget\" data-settings=\"{&quot;_ob_use_harakiri&quot;:&quot;yes&quot;,&quot;_ob_harakiri_writing_mode&quot;:&quot;inherit&quot;,&quot;_ob_postman_use&quot;:&quot;no&quot;,&quot;_ob_widget_stalker_use&quot;:&quot;no&quot;,&quot;_ob_poopart_use&quot;:&quot;yes&quot;,&quot;_ob_shadough_use&quot;:&quot;no&quot;,&quot;_ob_allow_hoveranimator&quot;:&quot;no&quot;}\" data-widget_type=\"text-editor.default\">\n\t\t\t\t<div class=\"elementor-widget-container\">\n\t\t\t\t\t\t\t\t\t<p>The Carri\u00e8re des Lumi\u00e8res is a truly unique venue that offers your guests an incomparable experience. The Carri\u00e8re des Lumi\u00e8res team uses its expertise in digital creation to create a tailor-made show that will immerse your guests in a spellbinding world of light and sound.<\/p><p>Whether you're organising a corporate event, a private party or a special celebration, the Carri\u00e8re des Lumi\u00e8res is the ideal setting to make your event unforgettable.<\/p>\t\t\t\t\t\t\t\t<\/div>\n\t\t\t\t<\/div>\n\t\t\t\t\t<\/div>\n\t\t<\/div>\n\t\t\t\t\t<\/div>\n\t\t<\/section>\n\t\t\t\t\t<\/div>\n\t\t<\/div>\n\t\t\t\t\t<\/div>\n\t\t<\/section>\n\t\t\t\t<section class=\"elementor-section elementor-top-section elementor-element elementor-element-c165725 section-multibloc elementor-section-boxed elementor-section-height-default elementor-section-height-default\" data-id=\"c165725\" data-element_type=\"section\" data-e-type=\"section\" data-settings=\"{&quot;background_background&quot;:&quot;classic&quot;,&quot;_ob_glider_is_slider&quot;:&quot;no&quot;}\">\n\t\t\t\t\t\t<div class=\"elementor-container elementor-column-gap-default\">\n\t\t\t\t\t<div class=\"elementor-column elementor-col-100 elementor-top-column elementor-element elementor-element-6d365e3\" data-id=\"6d365e3\" data-element_type=\"column\" data-e-type=\"column\" data-settings=\"{&quot;_ob_column_hoveranimator&quot;:&quot;no&quot;,&quot;_ob_column_has_pseudo&quot;:&quot;no&quot;}\">\n\t\t\t<div class=\"elementor-widget-wrap elementor-element-populated\">\n\t\t\t\t\t\t<div class=\"elementor-element elementor-element-21a7e11 ob-has-background-overlay elementor-widget elementor-widget-shortcode\" data-id=\"21a7e11\" data-element_type=\"widget\" data-e-type=\"widget\" data-settings=\"{&quot;_ob_widget_stalker_use&quot;:&quot;no&quot;,&quot;_ob_poopart_use&quot;:&quot;yes&quot;,&quot;_ob_shadough_use&quot;:&quot;no&quot;,&quot;_ob_allow_hoveranimator&quot;:&quot;no&quot;}\" data-widget_type=\"shortcode.default\">\n\t\t\t\t<div class=\"elementor-widget-container\">\n\t\t\t\t\t\r\n    <section id=\"section-multibloc-loisirs\">\r\n    \r\n        <div class=\"post-1624 page type-page status-publish has-post-thumbnail hentry\">\r\n\r\n            <a href=\"https:\/\/www.laregalido.com\/en\/loisir-decouverte\/moulin-de-daudet\/\" rel=\"bookmark\"\r\n               title=\"Daudet Mill\"><img decoding=\"async\" width=\"1920\" height=\"1200\" src=\"https:\/\/www.laregalido.com\/wp-content\/uploads\/2021\/10\/web_0002_mill-of-daudet-picture-id174914417-2.jpg\" class=\"attachment-page-thumb-mine size-page-thumb-mine wp-post-image\" alt=\"Photo -\" srcset=\"https:\/\/www.laregalido.com\/wp-content\/uploads\/2021\/10\/web_0002_mill-of-daudet-picture-id174914417-2.jpg 1920w, https:\/\/www.laregalido.com\/wp-content\/uploads\/2021\/10\/web_0002_mill-of-daudet-picture-id174914417-2-300x188.jpg 300w, https:\/\/www.laregalido.com\/wp-content\/uploads\/2021\/10\/web_0002_mill-of-daudet-picture-id174914417-2-1024x640.jpg 1024w, https:\/\/www.laregalido.com\/wp-content\/uploads\/2021\/10\/web_0002_mill-of-daudet-picture-id174914417-2-768x480.jpg 768w, https:\/\/www.laregalido.com\/wp-content\/uploads\/2021\/10\/web_0002_mill-of-daudet-picture-id174914417-2-1536x960.jpg 1536w, https:\/\/www.laregalido.com\/wp-content\/uploads\/2021\/10\/web_0002_mill-of-daudet-picture-id174914417-2-18x12.jpg 18w\" sizes=\"(max-width: 1920px) 100vw, 1920px\"><div class=\"title\"><h1>Daudet Mill<\/h1><h2>UNUSUAL VISIT IN THE SOUTH OF FRANCE<\/h2><\/div><div class=\"savoir-plus\">Read more<\/div><\/a><\/div>\r\n        \r\n        <div class=\"post-1626 page type-page status-publish has-post-thumbnail hentry\">\r\n\r\n            <a href=\"https:\/\/www.laregalido.com\/en\/loisir-decouverte\/les-baux-de-provence\/\" rel=\"bookmark\"\r\n               title=\"Les Baux de Provence\"><img loading=\"lazy\" decoding=\"async\" width=\"1920\" height=\"1200\" src=\"https:\/\/www.laregalido.com\/wp-content\/uploads\/2021\/10\/web_0003_iStock-1150446932.jpg\" class=\"attachment-page-thumb-mine size-page-thumb-mine wp-post-image\" alt=\"Photo -\" srcset=\"https:\/\/www.laregalido.com\/wp-content\/uploads\/2021\/10\/web_0003_iStock-1150446932.jpg 1920w, https:\/\/www.laregalido.com\/wp-content\/uploads\/2021\/10\/web_0003_iStock-1150446932-300x188.jpg 300w, https:\/\/www.laregalido.com\/wp-content\/uploads\/2021\/10\/web_0003_iStock-1150446932-1024x640.jpg 1024w, https:\/\/www.laregalido.com\/wp-content\/uploads\/2021\/10\/web_0003_iStock-1150446932-768x480.jpg 768w, https:\/\/www.laregalido.com\/wp-content\/uploads\/2021\/10\/web_0003_iStock-1150446932-1536x960.jpg 1536w, https:\/\/www.laregalido.com\/wp-content\/uploads\/2021\/10\/web_0003_iStock-1150446932-18x12.jpg 18w\" sizes=\"(max-width: 1920px) 100vw, 1920px\"><div class=\"title\"><h1>Les Baux de Provence<\/h1><h2>A UNIQUE VILLAGE IN THE HEART OF THE ALPILLES<\/h2><\/div><div class=\"savoir-plus\">Read more<\/div><\/a><\/div>\r\n        \r\n        <div class=\"post-5396 page type-page status-publish has-post-thumbnail hentry\">\r\n\r\n            <a href=\"https:\/\/www.laregalido.com\/en\/loisir-decouverte\/ville-darles-2\/\" rel=\"bookmark\"\r\n               title=\"City of Arles\"><img loading=\"lazy\" decoding=\"async\" width=\"1920\" height=\"1200\" src=\"https:\/\/www.laregalido.com\/wp-content\/uploads\/2021\/10\/web_0000_iStock-1262993170.jpg\" class=\"attachment-page-thumb-mine size-page-thumb-mine wp-post-image\" alt=\"Photo -\" srcset=\"https:\/\/www.laregalido.com\/wp-content\/uploads\/2021\/10\/web_0000_iStock-1262993170.jpg 1920w, https:\/\/www.laregalido.com\/wp-content\/uploads\/2021\/10\/web_0000_iStock-1262993170-300x188.jpg 300w, https:\/\/www.laregalido.com\/wp-content\/uploads\/2021\/10\/web_0000_iStock-1262993170-1024x640.jpg 1024w, https:\/\/www.laregalido.com\/wp-content\/uploads\/2021\/10\/web_0000_iStock-1262993170-768x480.jpg 768w, https:\/\/www.laregalido.com\/wp-content\/uploads\/2021\/10\/web_0000_iStock-1262993170-1536x960.jpg 1536w, https:\/\/www.laregalido.com\/wp-content\/uploads\/2021\/10\/web_0000_iStock-1262993170-18x12.jpg 18w\" sizes=\"(max-width: 1920px) 100vw, 1920px\"><div class=\"title\"><h1>City of Arles<\/h1><h2>THE CITY OF ART AND HISTORY 20 MINUTES FROM YOUR HOTEL<\/h2><\/div><div class=\"savoir-plus\">Read more<\/div><\/a><\/div>\r\n        \r\n        <div class=\"post-1630 page type-page status-publish has-post-thumbnail hentry\">\r\n\r\n            <a href=\"https:\/\/www.laregalido.com\/en\/loisir-decouverte\/site-arche-de-glanum\/\" rel=\"bookmark\"\r\n               title=\"Archaeological site of Glanum\"><img loading=\"lazy\" decoding=\"async\" width=\"1920\" height=\"1200\" src=\"https:\/\/www.laregalido.com\/wp-content\/uploads\/2021\/10\/web_0001_iStock-470669448.jpg\" class=\"attachment-page-thumb-mine size-page-thumb-mine wp-post-image\" alt=\"Photo -\" srcset=\"https:\/\/www.laregalido.com\/wp-content\/uploads\/2021\/10\/web_0001_iStock-470669448.jpg 1920w, https:\/\/www.laregalido.com\/wp-content\/uploads\/2021\/10\/web_0001_iStock-470669448-300x188.jpg 300w, https:\/\/www.laregalido.com\/wp-content\/uploads\/2021\/10\/web_0001_iStock-470669448-1024x640.jpg 1024w, https:\/\/www.laregalido.com\/wp-content\/uploads\/2021\/10\/web_0001_iStock-470669448-768x480.jpg 768w, https:\/\/www.laregalido.com\/wp-content\/uploads\/2021\/10\/web_0001_iStock-470669448-1536x960.jpg 1536w, https:\/\/www.laregalido.com\/wp-content\/uploads\/2021\/10\/web_0001_iStock-470669448-18x12.jpg 18w\" sizes=\"(max-width: 1920px) 100vw, 1920px\"><div class=\"title\"><h1>Archaeological site of Glanum<\/h1><h2>DISCOVER AN ANCIENT CITY 20 MINUTES FROM YOUR HOTEL<\/h2><\/div><div class=\"savoir-plus\">Read more<\/div><\/a><\/div>\r\n        \r\n        <div class=\"post-1632 page type-page status-publish has-post-thumbnail hentry\">\r\n\r\n            <a href=\"https:\/\/www.laregalido.com\/en\/loisir-decouverte\/saint-remy-de-provence\/\" rel=\"bookmark\"\r\n               title=\"Saint Remy de Provence\"><img loading=\"lazy\" decoding=\"async\" width=\"1920\" height=\"1200\" src=\"https:\/\/www.laregalido.com\/wp-content\/uploads\/2021\/10\/web_0004_saint-remy-de-provence-4706828_1280.jpg\" class=\"attachment-page-thumb-mine size-page-thumb-mine wp-post-image\" alt=\"Photo -\" srcset=\"https:\/\/www.laregalido.com\/wp-content\/uploads\/2021\/10\/web_0004_saint-remy-de-provence-4706828_1280.jpg 1920w, https:\/\/www.laregalido.com\/wp-content\/uploads\/2021\/10\/web_0004_saint-remy-de-provence-4706828_1280-300x188.jpg 300w, https:\/\/www.laregalido.com\/wp-content\/uploads\/2021\/10\/web_0004_saint-remy-de-provence-4706828_1280-1024x640.jpg 1024w, https:\/\/www.laregalido.com\/wp-content\/uploads\/2021\/10\/web_0004_saint-remy-de-provence-4706828_1280-768x480.jpg 768w, https:\/\/www.laregalido.com\/wp-content\/uploads\/2021\/10\/web_0004_saint-remy-de-provence-4706828_1280-1536x960.jpg 1536w, https:\/\/www.laregalido.com\/wp-content\/uploads\/2021\/10\/web_0004_saint-remy-de-provence-4706828_1280-18x12.jpg 18w\" sizes=\"(max-width: 1920px) 100vw, 1920px\"><div class=\"title\"><h1>Saint Remy de Provence<\/h1><h2>A CHARMING GETAWAY IN THE ALPILLES<\/h2><\/div><div class=\"savoir-plus\">Read more<\/div><\/a><\/div>\r\n        \r\n        <div class=\"post-1634 page type-page status-publish has-post-thumbnail hentry\">\r\n\r\n            <a href=\"https:\/\/www.laregalido.com\/en\/loisir-decouverte\/avignon\/\" rel=\"bookmark\"\r\n               title=\"Avignon\"><img loading=\"lazy\" decoding=\"async\" width=\"1920\" height=\"1200\" src=\"https:\/\/www.laregalido.com\/wp-content\/uploads\/2021\/10\/web_0005_iStock-481566832.jpg\" class=\"attachment-page-thumb-mine size-page-thumb-mine wp-post-image\" alt=\"Photo -\" srcset=\"https:\/\/www.laregalido.com\/wp-content\/uploads\/2021\/10\/web_0005_iStock-481566832.jpg 1920w, https:\/\/www.laregalido.com\/wp-content\/uploads\/2021\/10\/web_0005_iStock-481566832-300x188.jpg 300w, https:\/\/www.laregalido.com\/wp-content\/uploads\/2021\/10\/web_0005_iStock-481566832-1024x640.jpg 1024w, https:\/\/www.laregalido.com\/wp-content\/uploads\/2021\/10\/web_0005_iStock-481566832-768x480.jpg 768w, https:\/\/www.laregalido.com\/wp-content\/uploads\/2021\/10\/web_0005_iStock-481566832-1536x960.jpg 1536w, https:\/\/www.laregalido.com\/wp-content\/uploads\/2021\/10\/web_0005_iStock-481566832-18x12.jpg 18w\" sizes=\"(max-width: 1920px) 100vw, 1920px\"><div class=\"title\"><h1>Avignon<\/h1><h2>A CITY OF HISTORY AND ENTERTAINMENT 30 KM FROM THE HOTEL<\/h2><\/div><div class=\"savoir-plus\">Read more<\/div><\/a><\/div>\r\n        \r\n        <div class=\"post-1636 page type-page status-publish has-post-thumbnail hentry\">\r\n\r\n            <a href=\"https:\/\/www.laregalido.com\/en\/loisir-decouverte\/le-pont-du-gard\/\" rel=\"bookmark\"\r\n               title=\"The Pont du Gard\"><img loading=\"lazy\" decoding=\"async\" width=\"1920\" height=\"1200\" src=\"https:\/\/www.laregalido.com\/wp-content\/uploads\/2021\/10\/web_0006_iStock-159314951.jpg\" class=\"attachment-page-thumb-mine size-page-thumb-mine wp-post-image\" alt=\"Photo -\" srcset=\"https:\/\/www.laregalido.com\/wp-content\/uploads\/2021\/10\/web_0006_iStock-159314951.jpg 1920w, https:\/\/www.laregalido.com\/wp-content\/uploads\/2021\/10\/web_0006_iStock-159314951-300x188.jpg 300w, https:\/\/www.laregalido.com\/wp-content\/uploads\/2021\/10\/web_0006_iStock-159314951-1024x640.jpg 1024w, https:\/\/www.laregalido.com\/wp-content\/uploads\/2021\/10\/web_0006_iStock-159314951-768x480.jpg 768w, https:\/\/www.laregalido.com\/wp-content\/uploads\/2021\/10\/web_0006_iStock-159314951-1536x960.jpg 1536w, https:\/\/www.laregalido.com\/wp-content\/uploads\/2021\/10\/web_0006_iStock-159314951-18x12.jpg 18w\" sizes=\"(max-width: 1920px) 100vw, 1920px\"><div class=\"title\"><h1>The Pont du Gard<\/h1><h2>AN ANCIENT MASTERPIECE 35 MINUTES FROM YOUR HOTEL<\/h2><\/div><div class=\"savoir-plus\">Read more<\/div><\/a><\/div>\r\n        \r\n        <div class=\"post-1638 page type-page status-publish has-post-thumbnail hentry\">\r\n\r\n            <a href=\"https:\/\/www.laregalido.com\/en\/loisir-decouverte\/la-camargue\/\" rel=\"bookmark\"\r\n               title=\"The Camargue\"><img loading=\"lazy\" decoding=\"async\" width=\"1920\" height=\"1200\" src=\"https:\/\/www.laregalido.com\/wp-content\/uploads\/2021\/10\/web_0007_iStock-502778110.jpg\" class=\"attachment-page-thumb-mine size-page-thumb-mine wp-post-image\" alt=\"Photo -\" srcset=\"https:\/\/www.laregalido.com\/wp-content\/uploads\/2021\/10\/web_0007_iStock-502778110.jpg 1920w, https:\/\/www.laregalido.com\/wp-content\/uploads\/2021\/10\/web_0007_iStock-502778110-300x188.jpg 300w, https:\/\/www.laregalido.com\/wp-content\/uploads\/2021\/10\/web_0007_iStock-502778110-1024x640.jpg 1024w, https:\/\/www.laregalido.com\/wp-content\/uploads\/2021\/10\/web_0007_iStock-502778110-768x480.jpg 768w, https:\/\/www.laregalido.com\/wp-content\/uploads\/2021\/10\/web_0007_iStock-502778110-1536x960.jpg 1536w, https:\/\/www.laregalido.com\/wp-content\/uploads\/2021\/10\/web_0007_iStock-502778110-18x12.jpg 18w\" sizes=\"(max-width: 1920px) 100vw, 1920px\"><div class=\"title\"><h1>The Camargue<\/h1><h2>A NATURE SANCTUARY 20 MINUTES FROM THE HOTEL<\/h2><\/div><div class=\"savoir-plus\">Read more<\/div><\/a><\/div>\r\n            \r\n        <div class=\"post-5397 page type-page status-publish has-post-thumbnail hentry\">\r\n\r\n            <a href=\"https:\/\/www.laregalido.com\/en\/loisir-decouverte\/alpilles\/\" rel=\"bookmark\"\r\n               title=\"Alpilles\"><img loading=\"lazy\" decoding=\"async\" width=\"630\" height=\"385\" src=\"https:\/\/www.laregalido.com\/wp-content\/uploads\/2022\/05\/iStock-639369386_1_0001_Arriere-plan-1.jpg\" class=\"attachment-page-thumb-mine size-page-thumb-mine wp-post-image\" alt=\"Photo -\" srcset=\"https:\/\/www.laregalido.com\/wp-content\/uploads\/2022\/05\/iStock-639369386_1_0001_Arriere-plan-1.jpg 630w, https:\/\/www.laregalido.com\/wp-content\/uploads\/2022\/05\/iStock-639369386_1_0001_Arriere-plan-1-300x183.jpg 300w, https:\/\/www.laregalido.com\/wp-content\/uploads\/2022\/05\/iStock-639369386_1_0001_Arriere-plan-1-18x12.jpg 18w\" sizes=\"(max-width: 630px) 100vw, 630px\"><div class=\"title\"><h1>Alpilles<\/h1><h2>BETWEEN HERITAGE, TRADITIONS AND NATURE<\/h2><\/div><div class=\"savoir-plus\">Read more<\/div><\/a><\/div>\r\n            <div class=\"post-5397 page type-page status-publish has-post-thumbnail hentry\">\r\n\r\n        <a href=\"https:\/\/www.laregalido.com\/en\/loisir-decouverte\/\" rel=\"bookmark\"\r\n           title=\"Leisure and discovery\"><img loading=\"lazy\" decoding=\"async\" width=\"1920\" height=\"900\" src=\"https:\/\/www.laregalido.com\/wp-content\/uploads\/2021\/10\/Groupe-de-masques-45d-min.jpg\" class=\"attachment-post-thumbnail size-post-thumbnail wp-post-image\" alt=\"Photo -\" srcset=\"https:\/\/www.laregalido.com\/wp-content\/uploads\/2021\/10\/Groupe-de-masques-45d-min.jpg 1920w, https:\/\/www.laregalido.com\/wp-content\/uploads\/2021\/10\/Groupe-de-masques-45d-min-300x141.jpg 300w, https:\/\/www.laregalido.com\/wp-content\/uploads\/2021\/10\/Groupe-de-masques-45d-min-1024x480.jpg 1024w, https:\/\/www.laregalido.com\/wp-content\/uploads\/2021\/10\/Groupe-de-masques-45d-min-768x360.jpg 768w, https:\/\/www.laregalido.com\/wp-content\/uploads\/2021\/10\/Groupe-de-masques-45d-min-1536x720.jpg 1536w, https:\/\/www.laregalido.com\/wp-content\/uploads\/2021\/10\/Groupe-de-masques-45d-min-18x8.jpg 18w\" sizes=\"(max-width: 1920px) 100vw, 1920px\"><div class=\"title\"><h1>Leisure and discovery<\/h1><h2>leisure and discovery lorm<\/h2><\/div><div class=\"savoir-plus\">Read more<\/div><\/a>\r\n    <\/div>\r\n    <\/section>\r\n    \t\t<div class=\"elementor-shortcode\"><\/div>\n\t\t\t\t\t\t<\/div>\n\t\t\t\t<\/div>\n\t\t\t\t\t<\/div>\n\t\t<\/div>\n\t\t\t\t\t<\/div>\n\t\t<\/section>\n\t\t\t\t<\/div>","protected":false},"excerpt":{"rendered":"<p>Carri\u00e8res de lumi\u00e8re la carri\u00e8re des lumi\u00e8res des baux-de provence : Cr\u00e9ativit\u00e9 et expositions num\u00e9riques immersives Si vous \u00eates \u00e0 la recherche d&rsquo;une exp\u00e9rience artistique immersive, ne cherchez pas plus loin que la Carri\u00e8re des Lumi\u00e8res aux Baux-de-Provence. Cette carri\u00e8re, transform\u00e9e en centre d&rsquo;art num\u00e9rique, accueille certaines des expositions les plus cr\u00e9atives et uniques. De [&hellip;]<\/p>\n","protected":false},"author":7,"featured_media":6082,"parent":69,"menu_order":8,"comment_status":"closed","ping_status":"closed","template":"","meta":{"inline_featured_image":false,"footnotes":""},"class_list":["post-5464","page","type-page","status-publish","has-post-thumbnail","hentry"],"_links":{"self":[{"href":"https:\/\/www.laregalido.com\/en\/wp-json\/wp\/v2\/pages\/5464","targetHints":{"allow":["GET"]}}],"collection":[{"href":"https:\/\/www.laregalido.com\/en\/wp-json\/wp\/v2\/pages"}],"about":[{"href":"https:\/\/www.laregalido.com\/en\/wp-json\/wp\/v2\/types\/page"}],"author":[{"embeddable":true,"href":"https:\/\/www.laregalido.com\/en\/wp-json\/wp\/v2\/users\/7"}],"replies":[{"embeddable":true,"href":"https:\/\/www.laregalido.com\/en\/wp-json\/wp\/v2\/comments?post=5464"}],"version-history":[{"count":19,"href":"https:\/\/www.laregalido.com\/en\/wp-json\/wp\/v2\/pages\/5464\/revisions"}],"predecessor-version":[{"id":6085,"href":"https:\/\/www.laregalido.com\/en\/wp-json\/wp\/v2\/pages\/5464\/revisions\/6085"}],"up":[{"embeddable":true,"href":"https:\/\/www.laregalido.com\/en\/wp-json\/wp\/v2\/pages\/69"}],"wp:featuredmedia":[{"embeddable":true,"href":"https:\/\/www.laregalido.com\/en\/wp-json\/wp\/v2\/media\/6082"}],"wp:attachment":[{"href":"https:\/\/www.laregalido.com\/en\/wp-json\/wp\/v2\/media?parent=5464"}],"curies":[{"name":"wp","href":"https:\/\/api.w.org\/{rel}","templated":true}]}}